{"id":235,"date":"2024-01-02T14:09:42","date_gmt":"2024-01-02T14:09:42","guid":{"rendered":"http:\/\/neu.jankowski-hausverwaltung.de\/?page_id=235"},"modified":"2024-01-02T19:47:38","modified_gmt":"2024-01-02T19:47:38","slug":"datenschutzerklaerung","status":"publish","type":"page","link":"https:\/\/jankowski-hausverwaltung.de\/?page_id=235","title":{"rendered":"Datenschutzerkl\u00e4rung"},"content":{"rendered":"\t\t<div data-elementor-type=\"wp-page\" data-elementor-id=\"235\" class=\"elementor elementor-235\">\n\t\t\t\t<div class=\"elementor-element elementor-element-60f42e7 e-flex e-con-boxed e-con e-parent\" data-id=\"60f42e7\" data-element_type=\"container\" data-e-type=\"container\">\n\t\t\t\t\t<div class=\"e-con-inner\">\n\t\t\t\t<div class=\"elementor-element elementor-element-2ff3ddb elementor-widget elementor-widget-text-editor\" data-id=\"2ff3ddb\" data-element_type=\"widget\" data-e-type=\"widget\" data-widget_type=\"text-editor.default\">\n\t\t\t\t<div class=\"elementor-widget-container\">\n\t\t\t\t\t\t\t\t\t<p>Wir informieren Sie nachfolgend gem\u00e4\u00df den gesetzlichen Vorgaben des Datenschutzrechts (insb. gem\u00e4\u00df BDSG n.F. und der europ\u00e4ischen Datenschutz-Grundverordnung \u201aDS-GVO\u2018) \u00fcber die Art, den Umfang und Zweck der Verarbeitung personenbezogener Daten durch unser Unternehmen. Diese Datenschutzerkl\u00e4rung gilt auch f\u00fcr unsere Websites und Sozial-Media-Profile. Bez\u00fcglich der Definition von Begriffen wie etwa \u201epersonenbezogene Daten\u201c oder \u201eVerarbeitung\u201c verweisen wir auf Art. 4 DS-GVO.<\/p><p><strong><span style=\"text-decoration: underline;\">Name und Kontaktdaten des \/ der Verantwortlichen<\/span><\/strong><\/p><p>Unser\/e Verantwortliche\/r (nachfolgend \u201eVerantwortlicher\u201c) i.S.d. Art. 4 Zif. 7 DS-GVO ist:<\/p><p>J\u00f6rg Jankowski Hausverwaltung<br \/>Bl\u00e4\u00dfhuhnweg 15<br \/>13503 Berlin<br \/>Gesch\u00e4ftsf\u00fchrer J\u00f6rg Jankowski<br \/>E-Mail-Adresse: info@jankowski-hausverwaltung.de<\/p><p><strong><u>Datenarten, Zwecke der Verarbeitung und Kategorien betroffener Personen<\/u><\/strong><\/p><p>Nachfolgend informieren wir Sie \u00fcber Art, Umfang und Zweck der Erhebung, Verarbeitung und Nutzung personenbezogener Daten.<\/p><ol><li><strong> Arten der Daten, die wir verarbeiten<\/strong><br \/>Bestandsdaten (Name, Adresse etc.), Kontaktdaten (Telefonnummer, E-Mail, Fax etc.), Zahlungsdaten (Bankdaten, Kontodaten, Zahlungshistorie etc.), Vertragsdaten (Gegenstand des Vertrages, Laufzeit etc.), Inhaltsdaten (Texteingaben, Videos, Fotos etc.),<\/li><li><strong> Zwecke der Verarbeitung nach Art. 13 Abs. 1 c) DS-GVO<\/strong><br \/>Abwicklung von Vertr\u00e4gen, Beweiszwecke \/ Beweissicherung, Erf\u00fcllung vertraglicher Verpflichtungen, Kontaktaufnahme bei juristischer Beanstandung durch Dritte, Erf\u00fcllung gesetzlicher Aufbewahrungspflichten, Marketing \/ Vertrieb \/ Werbung, Erstellung von Statistiken,Abwicklung eines Bewerberverfahrens, Kundenservice und Kundenpflege, Kontaktanfragen abwickeln, Ma\u00dfnahmen der Sicherheit, Unterbrechungsfreier,sicherer Betrieb unserer Website,<\/li><li><strong> Kategorien der betroffenen Personen nach Art. 13 Abs. 1 e) DS-GVO<\/strong><br \/>Kunden, Lieferanten, Interessenten, Bewerber, Besch\u00e4ftigte, Besch\u00e4ftigte von Kunden oder Lieferanten, Mieter. Die betroffenen Personen werden zusammenfassend als \u201eNutzer\u201c bezeichnet.<\/li><\/ol><p><strong><u>Rechtsgrundlagen der Verarbeitung personenbezogener Daten<\/u><\/strong><\/p><p>Nachfolgend Informieren wir Sie \u00fcber die Rechtsgrundlagen der Verarbeitung personenbezogener Daten:<\/p><ol><li>Wenn wir Ihre Einwilligung f\u00fcr die Verarbeitung personenbezogenen Daten eingeholt haben, ist Art. 6 Abs. 1 S. 1 lit. a) DS-GVO Rechtsgrundlage.<\/li><li>Ist die Verarbeitung zur Erf\u00fcllung eines Vertrags oder zur Durchf\u00fchrung vorvertraglicher Ma\u00dfnahmen erforderlich, die auf Ihre Anfrage hin erfolgen, so ist Art. 6 Abs. 1 S. 1 lit. b) DS-GVO<br \/>Rechtsgrundlage.<\/li><li>Ist die Verarbeitung zur Erf\u00fcllung einer rechtlichen Verpflichtung erforderlich, der wir unterliegen (z.B. gesetzliche Aufbewahrungspflichten), so ist Art. 6 Abs. 1 S. 1 lit. c) DS-GVO Rechtsgrundlage.<\/li><li>Ist die Verarbeitung erforderlich, um lebenswichtige Interessen der betroffenen Person oder einer anderen nat\u00fcrlichen Person zu sch\u00fctzen, so ist Art. 6 Abs. 1 S. 1 lit. d) DS-GVO Rechtsgrundlage.<\/li><li>Ist die Verarbeitung zur Wahrung unserer oder der berechtigten Interessen eines Dritten erforderlich und \u00fcberwiegen diesbez\u00fcglich Ihre Interessen oder Grundrechte und Grundfreiheiten nicht, so ist Art. 6 Abs. 1 S. 1 lit. f) DS-GVO Rechtsgrundlage.<\/li><\/ol><p><strong><u>Weitergabe personenbezogener Daten an Dritte und Auftragsverarbeiter<\/u><\/strong><\/p><p>Ohne Ihre Einwilligung geben wir grunds\u00e4tzlich keine Daten an Dritte weiter. Sollte dies doch der Fall sein, dann erfolgt die Weitergabe auf der Grundlage der zuvor genannten Rechtsgrundlagen z.B. bei der Weitergabe von Daten an Online-Paymentanbieter zur Vertragserf\u00fcllung oder aufgrund gerichtlicher Anordnung oder wegen einer gesetzlichen Verpflichtung zur Herausgabe der Daten zum Zwecke der Strafverfolgung, zur Gefahrenabwehr oder zur Durchsetzung der Rechte am geistigen Eigentum.<\/p><p>Wir setzen zudem Auftragsverarbeiter (externe Dienstleister z.B. zum Webhosting unserer Websites und Datenbanken) zur Verarbeitung Ihrer Daten ein. Wenn im Rahmen einer Vereinbarung zur Auftragsverarbeitung an die Auftragsverarbeiter Daten weitergegeben werden, erfolgt dies immer nach Art. 28 DS-GVO. Wir w\u00e4hlen dabei unsere Auftragsverarbeiter sorgf\u00e4ltig aus, kontrollieren diese regelm\u00e4\u00dfig und haben uns ein Weisungsrecht hinsichtlich der Daten einr\u00e4umen lassen. Zudem m\u00fcssen die Auftragsverarbeiter geeignete technische und organisatorische Ma\u00dfnahmen getroffen haben und die Datenschutzvorschriften gem. BDSG n.F. und DS-GVO einhalten<\/p><p><strong><u>Daten\u00fcbermittlung in Drittstaaten<\/u><\/strong><\/p><p>Durch die Verabschiedung der europ\u00e4ischen Datenschutz-Grundverordnung (DS-GVO) wurde eine einheitliche Grundlage f\u00fcr den Datenschutz in Europa geschaffen. Ihre Daten werden daher vorwiegend durch Unternehmen verarbeitet, f\u00fcr die DS-GVO Anwendung findet. Sollte doch die Verarbeitung durch Dienste Dritter au\u00dferhalb der Europ\u00e4ischen Union oder des Europ\u00e4ischen Wirtschaftsraums stattfinden, so m\u00fcssen diese die besonderen Voraussetzungen der Art. 44 ff. DS-GVO erf\u00fcllen. Das bedeutet, die Verarbeitung erfolgt aufgrund besonderer Garantien, wie etwa die von der EU-Kommission offiziellanerkannte Feststellung eines der EU entsprechenden Datenschutzniveaus oder der Beachtung offiziell anerkannter spezieller vertraglicher Verpflichtungen, der so genannten \u201eStandardvertragsklauseln\u201c.<\/p><p>Soweit wir aufgrund der Unwirksamkeit des sog. \u201ePrivacy Shields\u201c, nach Art. 49 Abs. 1 S. 1 lit. a) DSGVO die ausdr\u00fcckliche Einwilligung in die Daten\u00fcbermittlung in die USA von Ihnen einholen, weisen wird diesbez\u00fcglich auf das Risiko eines geheimen Zugriffs durch US-Beh\u00f6rden und die Nutzung der Daten zu \u00dcberwachungszwecken, ggf. ohne Rechtsbehelfsm\u00f6glichkeiten f\u00fcr EU-B\u00fcrger, hin.<\/p><p><strong><u>L\u00f6schung von Daten und Speicherdauer<\/u><\/strong><\/p><p>Sofern nicht in dieser Datenschutzerkl\u00e4rung ausdr\u00fccklich angegeben, werden Ihre personenbezogen Daten gel\u00f6scht oder gesperrt, sobald die zur Verarbeitung erteilte Einwilligung von Ihnen widerrufen wird oder der Zweck f\u00fcr die Speicherung entf\u00e4llt bzw. die Daten f\u00fcr den Zweck nicht mehr erforderlich sind, es sei denn deren weitere Aufbewahrung ist zu Beweiszwecken erforderlich oder dem stehen gesetzliche Aufbewahrungspflichten entgegenstehen. Darunter fallen etwa handelsrechtliche Aufbewahrungspflichten von Gesch\u00e4ftsbriefen nach \u00a7 257 Abs. 1 HGB (6 Jahre) sowie steuerrechtliche Aufbewahrungspflichten nach \u00a7 147 Abs. 1 AO von Belegen (10 Jahre).<\/p><p>Wenn die vorgeschriebene Aufbewahrungsfrist abl\u00e4uft, erfolgt eine Sperrung oder L\u00f6schung Ihrer Daten, es sei denn die Speicherung ist weiterhin f\u00fcr einen Vertragsabschluss oder zur Vertragserf\u00fcllung erforderlich.<\/p><p><strong><u>Bestehen einer automatisierten Entscheidungsfindung<\/u><\/strong><\/p><p>Wir setzen keine automatische Entscheidungsfindung oder ein Profiling ein.<\/p><p><strong><u>Bereitstellung unserer Website und Erstellung von Logfiles<br \/><\/u><\/strong>1. Wenn Sie unsere Webseite lediglich informatorisch nutzen (also keine Registrierung und auch keine anderweitige \u00dcbermittlung von Informationen), erheben wir nur die personenbezogenen Daten, die Ihr Browser an unseren Server \u00fcbermittelt. Wenn Sie unsere Website betrachten m\u00f6chten, erheben wir die folgenden Daten:<strong><u><br \/><\/u><\/strong><\/p><ul><li>IP-Adresse;<br \/>\u2022 Internet-Service-Provider des Nutzers;<br \/>\u2022 Datum und Uhrzeit des Abrufs;<br \/>\u2022 Browsertyp;<br \/>\u2022 Sprache und Browser-Version;<br \/>\u2022 Inhalt des Abrufs und\u00a0Zeitzone;<br \/>\u2022 Zugriffsstatus\/HTTP-Statuscode;<br \/>\u2022 Datenmenge;<br \/>\u2022 Websites, von denen die Anforderung kommt;<br \/>\u2022 Betriebssystem.<\/li><\/ul><p>Eine Speicherung dieser Daten zusammen mit anderen personenbezogenen Daten von Ihnen findet nicht statt.<\/p><ol start=\"2\"><li>Diese Daten dienen dem Zweck der nutzerfreundlichen, funktionsf\u00e4higen und sicheren Auslieferung unserer Website an Sie mit Funktionen und Inhalten sowie deren Optimierung und statistischen Auswertung.<\/li><li>Rechtsgrundlage hierf\u00fcr ist unser in den obigen Zwecken auch liegendes berechtigtes Interesse an der Datenverarbeitung nach Art. 6 Abs. 1 S.1 lit. f) DS-GVO.<\/li><li>Wir speichern aus Sicherheitsgr\u00fcnden diese Daten in Server-Logfiles f\u00fcr die Speicherdauer von Tagen. Nach Ablauf dieser Frist werden diese automatisch gel\u00f6scht, es sei denn wir ben\u00f6tigen deren Aufbewahrung zu Beweiszwecken bei Angriffen auf die Serverinfrastruktur oder anderen Rechtsverletzungen.<\/li><\/ol><p><strong><u>Abwicklung von Vertr\u00e4gen<\/u><\/strong><\/p><ol><li>Wir verarbeiten Bestandsdaten (z.B. Unternehmen, Titel\/akademischer Grad, Namen und Adressen sowie Kontaktdaten von Nutzern, E-Mail), Vertragsdaten (z.B. in Anspruch genommene Leistungen, Namen von Kontaktpersonen) und Zahlungsdaten (z.B. Bankverbindung, Zahlungshistorie) zwecks Erf\u00fcllung unserer vertraglichen Verpflichtungen (Kenntnis, wer Vertragspartner ist; Begr\u00fcndung, inhaltliche Ausgestaltung und Abwicklung des Vertrags; \u00dcberpr\u00fcfung auf Plausibilit\u00e4t der Daten) und Serviceleistungen (z.B. Kontaktaufnahme des Kundenservice) gem. Art. 6 Abs. 1 S. 1 lit b) DS-GVO.<\/li><\/ol><p>\u00a0 \u00a0 \u00a0Die in Onlineformularen als verpflichtend gekennzeichneten Eingaben, sind f\u00fcr den Vertragsschluss erforderlich.<\/p><ol start=\"2\"><li>Eine Weitergabe dieser Daten an Dritte erfolgt grunds\u00e4tzlich nicht, au\u00dfer sie ist zur Verfolgung<br \/>unserer Anspr\u00fcche (z.B. \u00dcbergabe an Rechtsanwalt zum Inkasso) oder zur Erf\u00fcllung des Vertrags (z.B. \u00dcbergabe der Daten an Zahlungsanbieter) erforderlich oder es besteht hierzu besteht eine gesetzliche Verpflichtung gem. Art. 6 Abs. 1 S. 1 lit. c) DS-GVO.<\/li><li>Wir k\u00f6nnen die von Ihnen angegebenen Daten zudem verarbeiten, um Sie \u00fcber weitere interessante Produkte aus unserem Portfolio zu informieren oder Ihnen E-Mails mit technischen Informationen zukommen lassen.<\/li><li>Die Daten werden gel\u00f6scht, sobald sie f\u00fcr die Erreichung des Zweckes ihrer Erhebung nicht mehr erforderlich sind. Dies ist f\u00fcr die Bestands- und Vertragsdaten dann der Fall, wenn die Daten f\u00fcr die Durchf\u00fchrung des Vertrages nicht mehr erforderlich sind und keine Anspr\u00fcche mehr aus dem Vertrag geltend gemacht werden k\u00f6nnen, weil diese verj\u00e4hrt sind (Gew\u00e4hrleistung: zwei Jahre \/ Regelverj\u00e4hrung: drei Jahre). Wir sind aufgrund handels- und steuerrechtlicher Vorgaben verpflichtet, Ihre Adress-, Zahlungs- und Bestelldaten f\u00fcr die Dauer von zehn Jahren zu speichern. Allerdings nehmen wir bei Vertragsbeendigung nach drei Jahren eine Einschr\u00e4nkung der Verarbeitung vor, d. h. Ihre Daten werden nur zur Einhaltung der gesetzlichen Verpflichtungen eingesetzt. Angaben im Nutzerkonto verbleiben bis zu dessen L\u00f6schung.<\/li><\/ol><p><strong><u>Kontaktaufnahme per Kontaktformular \/ E-Mail \/ Fax \/ Post<\/u><\/strong><\/p><ol><li>Bei der Kontaktaufnahme mit uns per Kontaktformular, Fax, Post oder E-Mail werden Ihre Angaben zum Zwecke der Abwicklung der Kontaktanfrage verarbeitet.<\/li><li>Rechtsgrundlage f\u00fcr die Verarbeitung der Daten ist bei Vorliegen einer Einwilligung von Ihnen Art. 6 Abs. 1 S. 1 lit. a) DS-GVO. Rechtsgrundlage f\u00fcr die Verarbeitung der Daten, die im Zuge einer Kontaktanfrage oder E-Mail, eines Briefes oder Faxes \u00fcbermittelt werden, ist Art. 6 Abs. 1 S. 1 lit. f) DS-GVO. Der Verantwortliche hat ein berechtigtes Interesse an der Verarbeitung und Speicherung der Daten, um Anfragen der Nutzer beantworten zu k\u00f6nnen, zur Beweissicherung aus Haftungsgr\u00fcnden und um ggf. seiner gesetzlichen Aufbewahrungspflichten bei Gesch\u00e4ftsbriefen nachkommen zu k\u00f6nnen. Zielt der Kontakt auf den Abschluss eines Vertrages ab, so ist zus\u00e4tzliche Rechtsgrundlage f\u00fcr die Verarbeitung Art. 6 Abs. 1 S. 1 lit. b) DS-GVO.<\/li><li>Wir k\u00f6nnen Ihre Angaben und Kontaktanfrage in unserem Customer-Relationship-Management System (\u201eCRM System\u201c) oder einem vergleichbaren System speichern.<\/li><li>Die Daten werden gel\u00f6scht, sobald sie f\u00fcr die Erreichung des Zweckes ihrer Erhebung nicht mehr erforderlich sind. F\u00fcr die personenbezogenen Daten aus der Eingabemaske des Kontaktformulars und diejenigen, die per E-Mail \u00fcbersandt wurden, ist dies dann der Fall, wenn die jeweilige Konversation mit Ihnen beendet ist. Beendet ist die Konversation dann, wenn sich aus den Umst\u00e4nden entnehmen l\u00e4sst, dass der betroffene Sachverhalt abschlie\u00dfend gekl\u00e4rt ist. Anfragen von Nutzern, die \u00fcber einen Account bzw. Vertrag mit uns verf\u00fcgen, speichern wir bis zum Ablauf von zwei Jahren nach Vertragsbeendigung. Im Fall von gesetzlichen Archivierungspflichten erfolgt die L\u00f6schung nach deren Ablauf: Ende handelsrechtlicher (6 Jahre) und steuerrechtlicher (10 Jahre) Aufbewahrungspflicht.<\/li><li>Sie haben jederzeit die M\u00f6glichkeit, die Einwilligung nach Art. 6 Abs. 1 S. 1 lit. a) DS-GVO zur<br \/>Verarbeitung der personenbezogenen Daten zu widerrufen. Nehmen Sie per E-Mail Kontakt mit uns auf, so k\u00f6nnen Sie der Speicherung der personenbezogenen Daten jederzeit widersprechen.<\/li><\/ol><p><strong><u>Kontaktaufnahme per Telefon<\/u><\/strong><\/p><ol><li>Bei der Kontaktaufnahme mit uns per Telefon wird Ihre Telefonnummer zur Bearbeitung der<br \/>Kontaktanfrage und deren Abwicklung verarbeitet und tempor\u00e4r im RAM \/ Cache des Telefonger\u00e4tes \/ Displays gespeichert bzw. angezeigt. Die Speicherung erfolgt aus Haftungs- und<br \/>Sicherheitsgr\u00fcnden, um den Beweis des Anrufs f\u00fchren zu k\u00f6nnen sowie aus wirtschaftlichen<br \/>Gr\u00fcnden, um einen R\u00fcckruf zu erm\u00f6glichen. Im Falle von unberechtigten Werbeanrufen, sperren wir die Rufnummern.<\/li><li>Rechtsgrundlage f\u00fcr die Verarbeitung der Telefonnummer ist Art. 6 Abs. 1 S. 1 lit. f) DS-GVO. Zielt der Kontakt auf den Abschluss eines Vertrages ab, so ist zus\u00e4tzliche Rechtsgrundlage f\u00fcr die Verarbeitung Art. 6 Abs. 1 lit. b) DS-GVO.<\/li><li>Der Ger\u00e4tecache speichert die Anrufe Tage und \u00fcberschreibt bzw. l\u00f6scht sukzessiv alte Daten, bei Entsorgung des Ger\u00e4tes werden alle Daten gel\u00f6scht und der Speicher ggf. zerst\u00f6rt. Gesperrte Telefonnummer werden j\u00e4hrlich auf die Notwendigkeit der Sperrung gepr\u00fcft.<\/li><li>Sie k\u00f6nnen die Anzeige der Telefonnummer verhindern, indem Sie mit unterdr\u00fcckter Telefonnummer anrufen.<\/li><\/ol><p><strong><u>Datenschutz bei Bewerbungen und im Bewerberverfahren<\/u><\/strong><\/p><ol><li>Bewerbungen, die auf elektronischem Wege oder per Post an den Verantwortlichen gesendet<br \/>werden, werden zum Zwecke der Abwicklung des Bewerberverfahrens elektronisch oder manuell<br \/>verarbeitet.<\/li><li>Wir weisen ausdr\u00fccklich darauf hin, dass Bewerbungsunterlagen mit \u201ebesonderen Kategorien<br \/>personenbezogener Daten\u201c nach Art. 9 DS-GVO (z.B. ein Foto, welches R\u00fcckschl\u00fcsse auf Ihre ethnische Herkunft, Religion oder Ihren Familienstand gibt), mit Ausnahme einer eventuellen<br \/>Schwerbehinderung, welche Sie aus freier Entscheidung offenlegen m\u00f6chten, unerw\u00fcnscht sind. Sie sollen Ihre Bewerbung ohne diese Daten einreichen. Dies hat keine Auswirkungen auf Ihre<br \/>Bewerberchancen.<\/li><li>Rechtsgrundlagen f\u00fcr die Verarbeitung sind Art. 6 Abs. 1 S.1 lit. b) DS-GVO sowie \u00a7 26 BDSG n.F.<\/li><li>Wird nach Abschluss des Bewerberverfahrens, ein Arbeitsverh\u00e4ltnis mit dem Bewerber \/ der<br \/>Bewerberin eingegangen, werden die Bewerberdaten unter Beachtung einschl\u00e4giger<br \/>Datenschutzvorschriften gespeichert. Wird Ihnen nach Abschluss des Bewerberverfahrens keine<br \/>Stelle angeboten, so wird Ihr eingereichtes Bewerbungsschreiben samt Unterlagen 6 Monate nach Versand der Absage gel\u00f6scht, um etwaigen Anspr\u00fcchen und Nachweispflichten nach AGG gen\u00fcgen zu k\u00f6nnen.<\/li><\/ol><p><strong><u>Rechte der betroffenen Person<\/u><\/strong><\/p><ol><li><strong><strong> Widerspruch oder Widerruf gegen die Verarbeitung Ihrer Daten<\/strong><\/strong><\/li><\/ol><p>Soweit die Verarbeitung auf Ihrer Einwilligung gem\u00e4\u00df Art. 6 Abs. 1 S. 1 lit. a), Art. 7 DS-GVO beruht, haben Sie das Recht, die Einwilligung jederzeit zu widerrufen. Die Rechtm\u00e4\u00dfigkeit der<br \/>aufgrund der Einwilligung bis zum Widerruf erfolgten Verarbeitung wird dadurch nicht ber\u00fchrt.<\/p><p>Soweit wir die Verarbeitung Ihrer personenbezogenen Daten auf die Interessenabw\u00e4gung<br \/>gem\u00e4\u00df Art. 6 Abs. 1 S. 1 lit. f) DS-GVO st\u00fctzen, k\u00f6nnen Sie Widerspruch gegen die<br \/>Verarbeitung einlegen. Dies ist der Fall, wenn die Verarbeitung insbesondere nicht zur Erf\u00fcllung eines Vertrags mit Ihnen erforderlich ist, was von uns jeweils bei der nachfolgenden<br \/>Beschreibung der Funktionen dargestellt wird. Bei Aus\u00fcbung eines solchen Widerspruchs bitten wir um Darlegung der Gr\u00fcnde, weshalb wir Ihre personenbezogenen Daten nicht wie von uns durchgef\u00fchrt verarbeiten sollten. Im Falle Ihres begr\u00fcndeten Widerspruchs pr\u00fcfen wir die Sachlage und werden entweder die Datenverarbeitung einstellen bzw. anpassen oder<br \/>Ihnen unsere zwingenden schutzw\u00fcrdigen Gr\u00fcnde aufzeigen, aufgrund derer wir die Verarbeitung fortf\u00fchren.<\/p><p>Sie k\u00f6nnen der Verarbeitung Ihrer personenbezogenen Daten f\u00fcr Zwecke der Werbung und<br \/>Datenanalyse jederzeit widersprechen. Das Widerspruchsrecht k\u00f6nnen Sie kostenfrei<br \/>aus\u00fcben. \u00dcber Ihren Werbewiderspruch k\u00f6nnen Sie uns unter folgenden Kontaktdaten<br \/>informieren:<br \/>J\u00f6rg Jankowski Hausverwaltung<br \/>Bl\u00e4\u00dfhuhnweg 15<br \/>13503 Berlin<br \/>Gesch\u00e4ftsf\u00fchrer J\u00f6rg Jankowski<br \/>E-Mail-Adresse: info@jankowski-hausverwaltung.de<\/p><ol start=\"2\"><li><strong> Recht auf Auskunft<\/strong><\/li><\/ol><p>Sie haben ein Recht auf Auskunft \u00fcber Ihre bei uns gespeicherten pers\u00f6nlichen Daten nach Art. 15 DS-GVO. Dies beinhaltet insbesondere die Auskunft \u00fcber die Verarbeitungszwecke, die Kategorie der personenbezogenen Daten, die Kategorien von Empf\u00e4ngern, gegen\u00fcber denen Ihre Daten offengelegt wurden oder werden, die geplante Speicherdauer, die Herkunft ihrer Daten, sofern diese nicht direkt bei Ihnen erhoben wurden.<\/p><ol start=\"3\"><li><strong> Recht auf Berichtigung<br \/><\/strong>Sie haben ein Recht auf Berichtigung unrichtiger oder auf Vervollst\u00e4ndigung richtiger Daten nach Art. 16 DS-GVO.<\/li><li><strong> Recht auf L\u00f6schung<br \/><\/strong>Sie haben ein Recht auf L\u00f6schung Ihrer bei uns gespeicherten Daten nach Art. 17 DS-GVO, es sei denn gesetzliche oder vertraglichen Aufbewahrungsfristen oder andere gesetzliche Pflichten bzw. Rechte zur weiteren Speicherung stehen dieser entgegen.<\/li><li><strong> Recht auf Einschr\u00e4nkung<br \/><\/strong>Sie haben das Recht, eine Einschr\u00e4nkung bei der Verarbeitung Ihrer personenbezogenen Daten zu verlangen, wenn eine der Voraussetzungen in Art. 18 Abs. 1 lit. a) bis d) DS-GVO erf\u00fcllt ist:<\/li><\/ol><ul><li>Wenn Sie die Richtigkeit der Sie betreffenden personenbezogenen f\u00fcr eine Dauer bestreiten, die es dem Verantwortlichen erm\u00f6glicht, die Richtigkeit der personenbezogenen Daten zu \u00fcberpr\u00fcfen;<\/li><li>die Verarbeitung unrechtm\u00e4\u00dfig ist und Sie die L\u00f6schung der personenbezogenen Daten ablehnen und stattdessen die Einschr\u00e4nkung der Nutzung der personenbezogenen Daten verlangen;<\/li><li>der Verantwortliche die personenbezogenen Daten f\u00fcr die Zwecke der Verarbeitung nicht l\u00e4nger<br \/>ben\u00f6tigt, Sie diese jedoch zur Geltendmachung, Aus\u00fcbung oder Verteidigung von Rechtsanspr\u00fcchen ben\u00f6tigen, oder<\/li><li>wenn Sie Widerspruch gegen die Verarbeitung gem\u00e4\u00df Art. 21 Abs. 1 DS-GVO eingelegt haben und noch nicht feststeht, ob die berechtigten Gr\u00fcnde des Verantwortlichen gegen\u00fcber Ihren Gr\u00fcnden \u00fcberwiegen.<\/li><\/ul><ol start=\"6\"><li><strong> Recht auf Daten\u00fcbertragbarkeit<\/strong><\/li><\/ol><p>Sie haben ein Recht auf Daten\u00fcbertragbarkeit nach Art. 20 DS-GVO, was bedeutet, dass Sie die bei uns \u00fcber Sie gespeicherten personenbezogenen Daten in einem strukturierten, g\u00e4ngigen und<br \/>maschinenlesbaren Format erhalten k\u00f6nnen oder die \u00dcbermittlung an einen anderen Verantwortlichen verlangen k\u00f6nnen.<\/p><ol start=\"7\"><li><strong> Recht auf Beschwerde<\/strong><\/li><\/ol><p>Sie haben ein Recht auf Beschwerde bei einer Aufsichtsbeh\u00f6rde. In der Regel k\u00f6nnen Sie sich<br \/>hierf\u00fcr an die Aufsichtsbeh\u00f6rde insbesondere in dem Mitgliedstaat ihres Aufenthaltsorts, ihres<br \/>Arbeitsplatzes oder des Orts des mutma\u00dflichen Versto\u00dfes wenden.<\/p><p><strong><u>Datensicherheit<\/u><\/strong><\/p><p>Um alle personenbezogen Daten, die an uns \u00fcbermittelt werden, zu sch\u00fctzen und um sicherzustellen, dass die Datenschutzvorschriften von uns, aber auch unseren externen Dienstleistern eingehalten werden, haben wir geeignete technische und organisatorische Sicherheitsma\u00dfnahmen getroffen. Deshalb werden unter anderem alle Daten zwischen Ihrem Browser und unserem Server \u00fcber eine sichere SSL-Verbindung verschl\u00fcsselt \u00fcbertragen.<\/p><p>Stand: 28.12.2023<\/p><p>Quelle: www.juraforum.de<\/p>\t\t\t\t\t\t\t\t<\/div>\n\t\t\t\t<\/div>\n\t\t\t\t\t<\/div>\n\t\t\t\t<\/div>\n\t\t<div class=\"elementor-element elementor-element-3769d12 e-flex e-con-boxed e-con e-parent\" data-id=\"3769d12\" data-element_type=\"container\" data-e-type=\"container\">\n\t\t\t\t\t<div class=\"e-con-inner\">\n\t\t\t\t<div class=\"elementor-element elementor-element-c2bea74 elementor-widget elementor-widget-image\" data-id=\"c2bea74\" data-element_type=\"widget\" data-e-type=\"widget\" data-widget_type=\"image.default\">\n\t\t\t\t<div class=\"elementor-widget-container\">\n\t\t\t\t\t\t\t\t\t\t\t\t\t\t\t<img fetchpriority=\"high\" decoding=\"async\" width=\"1024\" height=\"294\" src=\"https:\/\/jankowski-hausverwaltung.de\/wp-content\/uploads\/2023\/12\/Skyline-farbig-vom-Grafiker-als-Screenshot-20231228-1024x294.png\" class=\"attachment-large size-large wp-image-40\" alt=\"\" srcset=\"https:\/\/jankowski-hausverwaltung.de\/wp-content\/uploads\/2023\/12\/Skyline-farbig-vom-Grafiker-als-Screenshot-20231228-1024x294.png 1024w, https:\/\/jankowski-hausverwaltung.de\/wp-content\/uploads\/2023\/12\/Skyline-farbig-vom-Grafiker-als-Screenshot-20231228-300x86.png 300w, https:\/\/jankowski-hausverwaltung.de\/wp-content\/uploads\/2023\/12\/Skyline-farbig-vom-Grafiker-als-Screenshot-20231228-768x220.png 768w, https:\/\/jankowski-hausverwaltung.de\/wp-content\/uploads\/2023\/12\/Skyline-farbig-vom-Grafiker-als-Screenshot-20231228.png 1321w\" sizes=\"(max-width: 1024px) 100vw, 1024px\" \/>\t\t\t\t\t\t\t\t\t\t\t\t\t\t\t<\/div>\n\t\t\t\t<\/div>\n\t\t\t\t\t<\/div>\n\t\t\t\t<\/div>\n\t\t\t\t<\/div>\n\t\t","protected":false},"excerpt":{"rendered":"<p>Wir informieren Sie nachfolgend gem\u00e4\u00df den gesetzlichen Vorgaben des Datenschutzrechts (insb. gem\u00e4\u00df BDSG n.F. und der europ\u00e4ischen Datenschutz-Grundverordnung \u201aDS-GVO\u2018) \u00fcber die Art, den Umfang und Zweck der Verarbeitung personenbezogener Daten durch unser Unternehmen. Diese Datenschutzerkl\u00e4rung gilt auch f\u00fcr unsere Websites und Sozial-Media-Profile. Bez\u00fcglich der Definition von Begriffen wie etwa \u201epersonenbezogene Daten\u201c oder \u201eVerarbeitung\u201c verweisen wir [&hellip;]<\/p>\n","protected":false},"author":1,"featured_media":0,"parent":0,"menu_order":0,"comment_status":"closed","ping_status":"closed","template":"","meta":{"ocean_post_layout":"","ocean_both_sidebars_style":"","ocean_both_sidebars_content_width":0,"ocean_both_sidebars_sidebars_width":0,"ocean_sidebar":"","ocean_second_sidebar":"","ocean_disable_margins":"enable","ocean_add_body_class":"","ocean_shortcode_before_top_bar":"","ocean_shortcode_after_top_bar":"","ocean_shortcode_before_header":"","ocean_shortcode_after_header":"","ocean_has_shortcode":"","ocean_shortcode_after_title":"","ocean_shortcode_before_footer_widgets":"","ocean_shortcode_after_footer_widgets":"","ocean_shortcode_before_footer_bottom":"","ocean_shortcode_after_footer_bottom":"","ocean_display_top_bar":"default","ocean_display_header":"default","ocean_header_style":"","ocean_center_header_left_menu":"","ocean_custom_header_template":"","ocean_custom_logo":0,"ocean_custom_retina_logo":0,"ocean_custom_logo_max_width":0,"ocean_custom_logo_tablet_max_width":0,"ocean_custom_logo_mobile_max_width":0,"ocean_custom_logo_max_height":0,"ocean_custom_logo_tablet_max_height":0,"ocean_custom_logo_mobile_max_height":0,"ocean_header_custom_menu":"","ocean_menu_typo_font_family":"","ocean_menu_typo_font_subset":"","ocean_menu_typo_font_size":0,"ocean_menu_typo_font_size_tablet":0,"ocean_menu_typo_font_size_mobile":0,"ocean_menu_typo_font_size_unit":"px","ocean_menu_typo_font_weight":"","ocean_menu_typo_font_weight_tablet":"","ocean_menu_typo_font_weight_mobile":"","ocean_menu_typo_transform":"","ocean_menu_typo_transform_tablet":"","ocean_menu_typo_transform_mobile":"","ocean_menu_typo_line_height":0,"ocean_menu_typo_line_height_tablet":0,"ocean_menu_typo_line_height_mobile":0,"ocean_menu_typo_line_height_unit":"","ocean_menu_typo_spacing":0,"ocean_menu_typo_spacing_tablet":0,"ocean_menu_typo_spacing_mobile":0,"ocean_menu_typo_spacing_unit":"","ocean_menu_link_color":"","ocean_menu_link_color_hover":"","ocean_menu_link_color_active":"","ocean_menu_link_background":"","ocean_menu_link_hover_background":"","ocean_menu_link_active_background":"","ocean_menu_social_links_bg":"","ocean_menu_social_hover_links_bg":"","ocean_menu_social_links_color":"","ocean_menu_social_hover_links_color":"","ocean_disable_title":"default","ocean_disable_heading":"default","ocean_post_title":"","ocean_post_subheading":"","ocean_post_title_style":"","ocean_post_title_background_color":"","ocean_post_title_background":0,"ocean_post_title_bg_image_position":"","ocean_post_title_bg_image_attachment":"","ocean_post_title_bg_image_repeat":"","ocean_post_title_bg_image_size":"","ocean_post_title_height":0,"ocean_post_title_bg_overlay":0.5,"ocean_post_title_bg_overlay_color":"","ocean_disable_breadcrumbs":"default","ocean_breadcrumbs_color":"","ocean_breadcrumbs_separator_color":"","ocean_breadcrumbs_links_color":"","ocean_breadcrumbs_links_hover_color":"","ocean_display_footer_widgets":"default","ocean_display_footer_bottom":"default","ocean_custom_footer_template":"","footnotes":""},"class_list":["post-235","page","type-page","status-publish","hentry","entry"],"_links":{"self":[{"href":"https:\/\/jankowski-hausverwaltung.de\/index.php?rest_route=\/wp\/v2\/pages\/235"}],"collection":[{"href":"https:\/\/jankowski-hausverwaltung.de\/index.php?rest_route=\/wp\/v2\/pages"}],"about":[{"href":"https:\/\/jankowski-hausverwaltung.de\/index.php?rest_route=\/wp\/v2\/types\/page"}],"author":[{"embeddable":true,"href":"https:\/\/jankowski-hausverwaltung.de\/index.php?rest_route=\/wp\/v2\/users\/1"}],"replies":[{"embeddable":true,"href":"https:\/\/jankowski-hausverwaltung.de\/index.php?rest_route=%2Fwp%2Fv2%2Fcomments&post=235"}],"version-history":[{"count":19,"href":"https:\/\/jankowski-hausverwaltung.de\/index.php?rest_route=\/wp\/v2\/pages\/235\/revisions"}],"predecessor-version":[{"id":391,"href":"https:\/\/jankowski-hausverwaltung.de\/index.php?rest_route=\/wp\/v2\/pages\/235\/revisions\/391"}],"wp:attachment":[{"href":"https:\/\/jankowski-hausverwaltung.de\/index.php?rest_route=%2Fwp%2Fv2%2Fmedia&parent=235"}],"curies":[{"name":"wp","href":"https:\/\/api.w.org\/{rel}","templated":true}]}}